

{"id":62087,"date":"2023-03-30T17:48:17","date_gmt":"2023-03-30T15:48:17","guid":{"rendered":"https:\/\/teslafm.net\/?page_id=62087"},"modified":"2023-03-30T18:02:06","modified_gmt":"2023-03-30T16:02:06","slug":"el-ruido-es-el-mensaje-26","status":"publish","type":"page","link":"https:\/\/teslafm.net\/en\/el-ruido-es-el-mensaje-26\/","title":{"rendered":"Noise is the Message #26"},"content":{"rendered":"<h2><span style=\"color: #ffffff;\"><strong>El RUIDO es el Mensaje #26<\/strong><\/span><\/h2>\n<p><span style=\"color: #808080;\"><em>29 de Marzo 2023<\/em><\/span><\/p>\n<p><iframe src=\"https:\/\/www.mixcloud.com\/widget\/iframe\/?hide_cover=1&amp;feed=%2FTeslafm_net%2Fel-ruido-es-el-mensaje-26-franco-falistoco%2F\" width=\"100%\" height=\"120\" frameborder=\"0\"><\/iframe><\/p>\n<h1 class=\"western\" lang=\"es-419\"><span style=\"color: #00ccff;\"><em>\u00abSound is Joy and Collectivity. | El sonido es alegr\u00eda y colectividad.\u00bb<\/em><\/span><br \/>\n<span style=\"color: #00ccff;\"><b>\u2014|Eleni Ikoniadou.<\/b><\/span><\/h1>\n<h1 class=\"western\" lang=\"es-419\"><span style=\"color: #808080;\">Signal Flow <span style=\"font-family: Arial, serif;\">\ua78a\u25ba<\/span><\/span><\/h1>\n<p class=\"western\" lang=\"es-419\"><span style=\"color: #808080;\">\u2588 <span style=\"font-family: Arial, serif;\"><span lang=\"en-US\"><b>#EVOKES\/Frequencies:<\/b><\/span><\/span><\/span><span style=\"font-family: Arial, serif;\"><span lang=\"en-US\"><span style=\"color: #808080;\">\u00a0Escritora, te\u00f3rica y profesional nacida en Atenas y afincada en Londres,<\/span>\u00a0<\/span><\/span><span style=\"color: #0563c1;\"><u><a href=\"https:\/\/www.rca.ac.uk\/more\/staff\/dr-eleni-ikoniadou\/\" target=\"_blank\" rel=\"noopener\"><span style=\"font-family: Arial, serif;\"><span lang=\"en-US\"><b>Eleni Ikoniadou<\/b><\/span><\/span><\/a><\/u><\/span><span style=\"color: #808080;\"><span style=\"font-family: Arial, serif;\"><span lang=\"en-US\">, especializada en arte digital y teor\u00eda cr\u00edtica, bas\u00e1ndose en los futurismos contempor\u00e1neos s\u00f3nicos, tecnoculturales y alternativos. Es tutora principal de Comunicaci\u00f3n Visual en el Royal College of Art (RCA) y miembro de la c\u00e9lula de investigaci\u00f3n art\u00edstica AUDINT. Junto a Sol Rezza, entrevistamos a Eleni en Londres, en el espacio que nos cedieron en el\u00a0<\/span><\/span><u><a style=\"color: #808080;\" href=\"https:\/\/www.somersethouse.org.uk\/\" target=\"SOMERSET HOUSE\" rel=\"noopener\"><span style=\"font-family: Arial, serif;\"><span lang=\"en-US\">Somerset House<\/span><\/span><\/a><\/u><span style=\"font-family: Arial, serif;\"><span lang=\"en-US\">.<\/span><\/span><\/span><\/p>\n<p class=\"western\" lang=\"es-419\"><span style=\"font-family: Arial, serif;\"><span lang=\"en-US\"><span style=\"color: #808080;\">Escuchamos las obras:<\/span><br \/>\n<span style=\"color: #808080;\">\u25ba<\/span>\u00a0<\/span><\/span><span style=\"color: #0563c1;\"><u><a href=\"https:\/\/thecontemporaryjournal.org\/strands\/sonic-continuum\/code-omega\" target=\"Code Omega\" rel=\"noopener\"><span style=\"font-family: Arial, serif;\"><span lang=\"en-US\">Code Omega<\/span><\/span><\/a><\/u><\/span><span style=\"font-family: Arial, serif;\"><span lang=\"en-US\">\u00a0<span style=\"color: #808080;\">[\u03a9] (Eleni Ikon, Savvas Metaxas)<\/span><br \/>\n<span style=\"color: #808080;\">\u25ba<\/span>\u00a0<\/span><\/span><span style=\"color: #0563c1;\"><u><a href=\"https:\/\/soundcloud.com\/eleniikon\/wake-words-the-lamenters-1\" target=\"The Lamenters\" rel=\"noopener\"><span style=\"font-family: Arial, serif;\"><span lang=\"en-US\">The Lamenters<\/span><\/span><\/a><\/u><\/span><span style=\"font-family: Arial, serif;\"><span lang=\"en-US\">\u00a0<span style=\"color: #808080;\">(Eleni Ikoniadou, Viki Steiri, for Wake Words)<\/span><\/span><\/span><\/p>\n<p class=\"western\" lang=\"es-419\"><span style=\"color: #0563c1;\"><u><a href=\"https:\/\/soundcloud.com\/eleniikon\" target=\"Elenikon\" rel=\"noopener\"><span style=\"font-family: Arial, serif;\"><span lang=\"en-US\"><b>Souncloud<\/b><\/span><\/span><\/a><\/u><\/span><span style=\"font-family: Arial, serif;\"><span lang=\"en-US\">\u00a0|\u00a0<\/span><\/span><span style=\"color: #0563c1;\"><u><a href=\"https:\/\/rca.academia.edu\/EleniIkon\" target=\"EleniIkon\" rel=\"noopener\"><span style=\"font-family: Arial, serif;\"><span lang=\"en-US\"><b>Academia<\/b><\/span><\/span><\/a><\/u><\/span><span style=\"font-family: Arial, serif;\"><span lang=\"en-US\">\u00a0|\u00a0<\/span><\/span><span style=\"color: #0563c1;\"><u><a href=\"https:\/\/twitter.com\/eleni_ikon\" target=\"Eleni Ikon\" rel=\"noopener\"><span style=\"font-family: Arial, serif;\"><span lang=\"en-US\"><b>Twitter<\/b><\/span><\/span><\/a><\/u><\/span><\/p>\n<p class=\"western\" lang=\"es-419\"><span style=\"color: #808080;\">\u2500\u2500\u2500\u2500\u2500\u2500\u2500\u2500\u2500\u2500\u2500\u2500\u2500<br \/>\nSean parte de la escucha en el vasto paisaje de los Sonidos.<br \/>\n<i>Recomendamos el\u00a0<\/i><i><b>Uso<\/b><\/i><i>\u00a0de\u00a0<\/i><i><b>AURICULARES<\/b><\/i>.<br \/>\nProducci\u00f3n Integral: Franco Falistoco A. con El\u00a0<b>RUIDO<\/b>\u00a0es el\u00a0<b>M<\/b>ensaje y colaboradores.<br \/>\n<u><a style=\"color: #808080;\" href=\"https:\/\/www.elruidoeselmensaje.com\/\" target=\"El RUIDO es el Mensaje\" rel=\"noopener\">https:\/\/www.elruidoeselmensaje.com\/<\/a><\/u><br \/>\n\u2500\u2500\u2500\u2500\u2500\u2500\u2500\u2500\u2500\u2500\u2500\u2500\u2500<\/span><\/p>\n<p class=\"western\" lang=\"es-419\" align=\"center\"><span style=\"color: #808080;\"><span style=\"font-family: Calibri Light, serif;\"><span style=\"font-size: medium;\">El\u00a0<\/span><\/span><span style=\"font-family: Calibri Light, serif;\"><span style=\"font-size: medium;\"><b>Sonido<\/b><\/span><\/span><span style=\"font-family: Calibri Light, serif;\"><span style=\"font-size: medium;\">, es El\u00a0<\/span><\/span><span style=\"font-family: Calibri Light, serif;\"><span style=\"font-size: medium;\"><b>RUIDO<\/b><\/span><\/span><span style=\"font-family: Calibri Light, serif;\"><span style=\"font-size: medium;\">\u00a0del\u00a0<\/span><\/span><span style=\"font-family: Calibri Light, serif;\"><span style=\"font-size: medium;\"><b>Mensaje<\/b><\/span><\/span><span style=\"font-family: Calibri Light, serif;\"><span style=\"font-size: medium;\">.<\/span><\/span><\/span><\/p>\n","protected":false},"excerpt":{"rendered":"<p>El RUIDO es el Mensaje #26 29 de Marzo 2023 \u00abSound is Joy and Collectivity. | El sonido es alegr\u00eda y colectividad.\u00bb \u2014|Eleni Ikoniadou. Signal Flow \ua78a\u25ba \u2588 #EVOKES\/Frequencies:\u00a0Escritora, te\u00f3rica y profesional nacida en Atenas y afincada en Londres,\u00a0Eleni Ikoniadou, especializada en arte digital y teor\u00eda cr\u00edtica, bas\u00e1ndose en los futurismos contempor\u00e1neos s\u00f3nicos, tecnoculturales y [&hellip;]<\/p>\n","protected":false},"author":19,"featured_media":0,"parent":0,"menu_order":0,"comment_status":"closed","ping_status":"closed","template":"","meta":{"footnotes":""},"class_list":["post-62087","page","type-page","status-publish","hentry"],"yoast_head":"<!-- This site is optimized with the Yoast SEO plugin v27.4 - https:\/\/yoast.com\/product\/yoast-seo-wordpress\/ -->\n<title>El Ruido es el Mensaje #26 -<\/title>\n<meta name=\"robots\" content=\"index, follow, max-snippet:-1, max-image-preview:large, max-video-preview:-1\" \/>\n<link rel=\"canonical\" href=\"https:\/\/teslafm.net\/en\/el-ruido-es-el-mensaje-26\/\" \/>\n<meta property=\"og:locale\" content=\"en_US\" \/>\n<meta property=\"og:type\" content=\"article\" \/>\n<meta property=\"og:title\" content=\"El Ruido es el Mensaje #26 -\" \/>\n<meta property=\"og:description\" content=\"El RUIDO es el Mensaje #26 29 de Marzo 2023 \u00abSound is Joy and Collectivity. | El sonido es alegr\u00eda y colectividad.\u00bb \u2014|Eleni Ikoniadou. Signal Flow \ua78a\u25ba \u2588 #EVOKES\/Frequencies:\u00a0Escritora, te\u00f3rica y profesional nacida en Atenas y afincada en Londres,\u00a0Eleni Ikoniadou, especializada en arte digital y teor\u00eda cr\u00edtica, bas\u00e1ndose en los futurismos contempor\u00e1neos s\u00f3nicos, tecnoculturales y [&hellip;]\" \/>\n<meta property=\"og:url\" content=\"https:\/\/teslafm.net\/en\/el-ruido-es-el-mensaje-26\/\" \/>\n<meta property=\"article:publisher\" content=\"https:\/\/www.facebook.com\/teslafm.net\" \/>\n<meta property=\"article:modified_time\" content=\"2023-03-30T16:02:06+00:00\" \/>\n<meta property=\"og:image\" content=\"https:\/\/teslafm.net\/wp-content\/uploads\/2022\/09\/header-image-4-temp.png\" \/>\n\t<meta property=\"og:image:width\" content=\"1274\" \/>\n\t<meta property=\"og:image:height\" content=\"818\" \/>\n\t<meta property=\"og:image:type\" content=\"image\/png\" \/>\n<meta name=\"twitter:card\" content=\"summary_large_image\" \/>\n<meta name=\"twitter:site\" content=\"@teslafm\" \/>\n<meta name=\"twitter:label1\" content=\"Est. reading time\" \/>\n\t<meta name=\"twitter:data1\" content=\"1 minute\" \/>\n<script type=\"application\/ld+json\" class=\"yoast-schema-graph\">{\"@context\":\"https:\\\/\\\/schema.org\",\"@graph\":[{\"@type\":\"WebPage\",\"@id\":\"https:\\\/\\\/teslafm.net\\\/el-ruido-es-el-mensaje-26\\\/\",\"url\":\"https:\\\/\\\/teslafm.net\\\/el-ruido-es-el-mensaje-26\\\/\",\"name\":\"El Ruido es el Mensaje #26 -\",\"isPartOf\":{\"@id\":\"https:\\\/\\\/teslafm.net\\\/#website\"},\"datePublished\":\"2023-03-30T15:48:17+00:00\",\"dateModified\":\"2023-03-30T16:02:06+00:00\",\"breadcrumb\":{\"@id\":\"https:\\\/\\\/teslafm.net\\\/el-ruido-es-el-mensaje-26\\\/#breadcrumb\"},\"inLanguage\":\"en-US\",\"potentialAction\":[{\"@type\":\"ReadAction\",\"target\":[\"https:\\\/\\\/teslafm.net\\\/el-ruido-es-el-mensaje-26\\\/\"]}]},{\"@type\":\"BreadcrumbList\",\"@id\":\"https:\\\/\\\/teslafm.net\\\/el-ruido-es-el-mensaje-26\\\/#breadcrumb\",\"itemListElement\":[{\"@type\":\"ListItem\",\"position\":1,\"name\":\"Portada\",\"item\":\"https:\\\/\\\/teslafm.net\\\/\"},{\"@type\":\"ListItem\",\"position\":2,\"name\":\"El Ruido es el Mensaje #26\"}]},{\"@type\":\"WebSite\",\"@id\":\"https:\\\/\\\/teslafm.net\\\/#website\",\"url\":\"https:\\\/\\\/teslafm.net\\\/\",\"name\":\"TeslaFM\",\"description\":\"An experimental and creative radio\",\"publisher\":{\"@id\":\"https:\\\/\\\/teslafm.net\\\/#organization\"},\"potentialAction\":[{\"@type\":\"SearchAction\",\"target\":{\"@type\":\"EntryPoint\",\"urlTemplate\":\"https:\\\/\\\/teslafm.net\\\/?s={search_term_string}\"},\"query-input\":{\"@type\":\"PropertyValueSpecification\",\"valueRequired\":true,\"valueName\":\"search_term_string\"}}],\"inLanguage\":\"en-US\"},{\"@type\":\"Organization\",\"@id\":\"https:\\\/\\\/teslafm.net\\\/#organization\",\"name\":\"TeslaFM\",\"url\":\"https:\\\/\\\/teslafm.net\\\/\",\"logo\":{\"@type\":\"ImageObject\",\"inLanguage\":\"en-US\",\"@id\":\"https:\\\/\\\/teslafm.net\\\/#\\\/schema\\\/logo\\\/image\\\/\",\"url\":\"https:\\\/\\\/teslafm.net\\\/wp-content\\\/uploads\\\/2020\\\/06\\\/logo-tesla.png\",\"contentUrl\":\"https:\\\/\\\/teslafm.net\\\/wp-content\\\/uploads\\\/2020\\\/06\\\/logo-tesla.png\",\"width\":512,\"height\":512,\"caption\":\"TeslaFM\"},\"image\":{\"@id\":\"https:\\\/\\\/teslafm.net\\\/#\\\/schema\\\/logo\\\/image\\\/\"},\"sameAs\":[\"https:\\\/\\\/www.facebook.com\\\/teslafm.net\",\"https:\\\/\\\/x.com\\\/teslafm\"]}]}<\/script>\n<!-- \/ Yoast SEO plugin. -->","yoast_head_json":{"title":"El Ruido es el Mensaje #26 -","robots":{"index":"index","follow":"follow","max-snippet":"max-snippet:-1","max-image-preview":"max-image-preview:large","max-video-preview":"max-video-preview:-1"},"canonical":"https:\/\/teslafm.net\/en\/el-ruido-es-el-mensaje-26\/","og_locale":"en_US","og_type":"article","og_title":"El Ruido es el Mensaje #26 -","og_description":"El RUIDO es el Mensaje #26 29 de Marzo 2023 \u00abSound is Joy and Collectivity. | El sonido es alegr\u00eda y colectividad.\u00bb \u2014|Eleni Ikoniadou. Signal Flow \ua78a\u25ba \u2588 #EVOKES\/Frequencies:\u00a0Escritora, te\u00f3rica y profesional nacida en Atenas y afincada en Londres,\u00a0Eleni Ikoniadou, especializada en arte digital y teor\u00eda cr\u00edtica, bas\u00e1ndose en los futurismos contempor\u00e1neos s\u00f3nicos, tecnoculturales y [&hellip;]","og_url":"https:\/\/teslafm.net\/en\/el-ruido-es-el-mensaje-26\/","article_publisher":"https:\/\/www.facebook.com\/teslafm.net","article_modified_time":"2023-03-30T16:02:06+00:00","og_image":[{"width":1274,"height":818,"url":"https:\/\/teslafm.net\/wp-content\/uploads\/2022\/09\/header-image-4-temp.png","type":"image\/png"}],"twitter_card":"summary_large_image","twitter_site":"@teslafm","twitter_misc":{"Est. reading time":"1 minute"},"schema":{"@context":"https:\/\/schema.org","@graph":[{"@type":"WebPage","@id":"https:\/\/teslafm.net\/el-ruido-es-el-mensaje-26\/","url":"https:\/\/teslafm.net\/el-ruido-es-el-mensaje-26\/","name":"El Ruido es el Mensaje #26 -","isPartOf":{"@id":"https:\/\/teslafm.net\/#website"},"datePublished":"2023-03-30T15:48:17+00:00","dateModified":"2023-03-30T16:02:06+00:00","breadcrumb":{"@id":"https:\/\/teslafm.net\/el-ruido-es-el-mensaje-26\/#breadcrumb"},"inLanguage":"en-US","potentialAction":[{"@type":"ReadAction","target":["https:\/\/teslafm.net\/el-ruido-es-el-mensaje-26\/"]}]},{"@type":"BreadcrumbList","@id":"https:\/\/teslafm.net\/el-ruido-es-el-mensaje-26\/#breadcrumb","itemListElement":[{"@type":"ListItem","position":1,"name":"Portada","item":"https:\/\/teslafm.net\/"},{"@type":"ListItem","position":2,"name":"El Ruido es el Mensaje #26"}]},{"@type":"WebSite","@id":"https:\/\/teslafm.net\/#website","url":"https:\/\/teslafm.net\/","name":"TeslaFM","description":"An experimental and creative radio","publisher":{"@id":"https:\/\/teslafm.net\/#organization"},"potentialAction":[{"@type":"SearchAction","target":{"@type":"EntryPoint","urlTemplate":"https:\/\/teslafm.net\/?s={search_term_string}"},"query-input":{"@type":"PropertyValueSpecification","valueRequired":true,"valueName":"search_term_string"}}],"inLanguage":"en-US"},{"@type":"Organization","@id":"https:\/\/teslafm.net\/#organization","name":"TeslaFM","url":"https:\/\/teslafm.net\/","logo":{"@type":"ImageObject","inLanguage":"en-US","@id":"https:\/\/teslafm.net\/#\/schema\/logo\/image\/","url":"https:\/\/teslafm.net\/wp-content\/uploads\/2020\/06\/logo-tesla.png","contentUrl":"https:\/\/teslafm.net\/wp-content\/uploads\/2020\/06\/logo-tesla.png","width":512,"height":512,"caption":"TeslaFM"},"image":{"@id":"https:\/\/teslafm.net\/#\/schema\/logo\/image\/"},"sameAs":["https:\/\/www.facebook.com\/teslafm.net","https:\/\/x.com\/teslafm"]}]}},"rttpg_featured_image_url":null,"rttpg_author":{"display_name":"Ishak","author_link":"https:\/\/teslafm.net\/en\/author\/cravan\/"},"rttpg_comment":0,"rttpg_category":null,"rttpg_excerpt":"El RUIDO es el Mensaje #26 29 de Marzo 2023 \u00abSound is Joy and Collectivity. | El sonido es alegr\u00eda y colectividad.\u00bb \u2014|Eleni Ikoniadou. Signal Flow \ua78a\u25ba \u2588 #EVOKES\/Frequencies:\u00a0Escritora, te\u00f3rica y profesional nacida en Atenas y afincada en Londres,\u00a0Eleni Ikoniadou, especializada en arte digital y teor\u00eda cr\u00edtica, bas\u00e1ndose en los futurismos contempor\u00e1neos s\u00f3nicos, tecnoculturales y&hellip;","_links":{"self":[{"href":"https:\/\/teslafm.net\/en\/wp-json\/wp\/v2\/pages\/62087","targetHints":{"allow":["GET"]}}],"collection":[{"href":"https:\/\/teslafm.net\/en\/wp-json\/wp\/v2\/pages"}],"about":[{"href":"https:\/\/teslafm.net\/en\/wp-json\/wp\/v2\/types\/page"}],"author":[{"embeddable":true,"href":"https:\/\/teslafm.net\/en\/wp-json\/wp\/v2\/users\/19"}],"replies":[{"embeddable":true,"href":"https:\/\/teslafm.net\/en\/wp-json\/wp\/v2\/comments?post=62087"}],"version-history":[{"count":4,"href":"https:\/\/teslafm.net\/en\/wp-json\/wp\/v2\/pages\/62087\/revisions"}],"predecessor-version":[{"id":62095,"href":"https:\/\/teslafm.net\/en\/wp-json\/wp\/v2\/pages\/62087\/revisions\/62095"}],"wp:attachment":[{"href":"https:\/\/teslafm.net\/en\/wp-json\/wp\/v2\/media?parent=62087"}],"curies":[{"name":"wp","href":"https:\/\/api.w.org\/{rel}","templated":true}]}}